{"version":"1.0","provider_name":"Daily Dose","provider_url":"https:\/\/dailydose.cafeblog.hu","author_name":"daily dose","author_url":"https:\/\/dailydose.cafeblog.hu\/author\/daily_dose\/","title":"Veszedelmes viszony","html":"<a href=\"https:\/\/dailydose.cafeblog.hu\/files\/2013\/09\/vanessa-axente-by-luigi-daniele-iango-for-vogue-germany-october-2013-5.jpg\"><img class=\"alignnone size-full wp-image-20\" alt=\"vanessa-axente-by-luigi-daniele-iango-for-vogue-germany-october-2013-5\" src=\"https:\/\/dailydose.cafeblog.hu\/files\/2013\/09\/vanessa-axente-by-luigi-daniele-iango-for-vogue-germany-october-2013-5.jpg\" width=\"800\" height=\"520\" \/><\/a>\r\n\r\nNem is indulhatna \u00f6r\u00f6mtelibb h\u00edrrel a blog, mint az - idegen hangz\u00e1s\u00fa neve ellen\u00e9re - magyar modell, <em>Axente Vanessa<\/em> leg\u00fajabb k\u00fclf\u00f6ldi szerepl\u00e9s\u00e9vel, ez\u00fattal a n\u00e9met Vogue okt\u00f3beri sz\u00e1m\u00e1ban. A negyvenes \u00e9vek filmszt\u00e1rjait id\u00e9z\u0151 fekete-feh\u00e9r \u00f6ssze\u00e1ll\u00edt\u00e1sban <em>Vanessa<\/em> egy er\u0151s szexu\u00e1lis kisug\u00e1rz\u00e1ssal b\u00edr\u00f3 n\u0151k\u00e9nt jelenik meg, ami nem meglep\u0151 annak f\u00e9ny\u00e9ben, hogy a \u00a0fot\u00f3sok,\u00a0<em>Luigi &amp; Daniele + Iang<\/em>o inspir\u00e1ci\u00f3s forr\u00e1sukk\u00e9nt <em>Helmut Newton<\/em>t jel\u00f6lt\u00e9k meg.\r\n\r\nKattint\u00e1sra a k\u00e9pek nagyban ny\u00edlnak!\u00a0<!--more-->\r\n\r\n<a href=\"https:\/\/dailydose.cafeblog.hu\/files\/2013\/09\/vanessa-axente-by-luigi-daniele-iango-for-vogue-germany-october-2013-12.jpg\"><img class=\"alignnone size-full wp-image-14\" alt=\"vanessa-axente-by-luigi-daniele-iango-for-vogue-germany-october-2013-12\" src=\"https:\/\/dailydose.cafeblog.hu\/files\/2013\/09\/vanessa-axente-by-luigi-daniele-iango-for-vogue-germany-october-2013-12.jpg\" width=\"800\" height=\"511\" \/><\/a>\r\n\r\n<a href=\"https:\/\/dailydose.cafeblog.hu\/files\/2013\/09\/vanessa-axente-by-luigi-daniele-iango-for-vogue-germany-october-2013-2.jpg\"><img class=\"alignnone size-full wp-image-17\" alt=\"vanessa-axente-by-luigi-daniele-iango-for-vogue-germany-october-2013-2\" src=\"https:\/\/dailydose.cafeblog.hu\/files\/2013\/09\/vanessa-axente-by-luigi-daniele-iango-for-vogue-germany-october-2013-2.jpg\" width=\"800\" height=\"519\" \/><\/a>\r\n\r\n&nbsp;\r\n\r\n<a href=\"https:\/\/dailydose.cafeblog.hu\/files\/2013\/09\/vanessa-axente-by-luigi-daniele-iango-for-vogue-germany-october-2013-8.jpg\"><img class=\"alignnone size-full wp-image-23\" alt=\"vanessa-axente-by-luigi-daniele-iango-for-vogue-germany-october-2013-8\" src=\"https:\/\/dailydose.cafeblog.hu\/files\/2013\/09\/vanessa-axente-by-luigi-daniele-iango-for-vogue-germany-october-2013-8.jpg\" width=\"708\" height=\"927\" \/><\/a>\r\n\r\n&nbsp;\r\n\r\n<a href=\"https:\/\/dailydose.cafeblog.hu\/files\/2013\/09\/vanessa-axente-by-luigi-daniele-iango-for-vogue-germany-october-2013-1.jpg\"><img class=\"alignnone size-full wp-image-16\" alt=\"vanessa-axente-by-luigi-daniele-iango-for-vogue-germany-october-2013-1\" src=\"https:\/\/dailydose.cafeblog.hu\/files\/2013\/09\/vanessa-axente-by-luigi-daniele-iango-for-vogue-germany-october-2013-1.jpg\" width=\"708\" height=\"925\" \/><\/a>\r\n\r\n&nbsp;\r\n\r\n<a href=\"https:\/\/dailydose.cafeblog.hu\/files\/2013\/09\/vanessa-axente-by-luigi-daniele-iango-for-vogue-germany-october-2013-6.jpg\"><img class=\"alignnone size-full wp-image-21\" alt=\"vanessa-axente-by-luigi-daniele-iango-for-vogue-germany-october-2013-6\" src=\"https:\/\/dailydose.cafeblog.hu\/files\/2013\/09\/vanessa-axente-by-luigi-daniele-iango-for-vogue-germany-october-2013-6.jpg\" width=\"800\" height=\"518\" \/><\/a>\r\n\r\n&nbsp;\r\n\r\n<a href=\"https:\/\/dailydose.cafeblog.hu\/files\/2013\/09\/vanessa-axente-by-luigi-daniele-iango-for-vogue-germany-october-2013-3.jpg\"><img class=\"alignnone size-full wp-image-18\" alt=\"vanessa-axente-by-luigi-daniele-iango-for-vogue-germany-october-2013-3\" src=\"https:\/\/dailydose.cafeblog.hu\/files\/2013\/09\/vanessa-axente-by-luigi-daniele-iango-for-vogue-germany-october-2013-3.jpg\" width=\"706\" height=\"925\" \/><\/a>\r\n\r\n&nbsp;\r\n\r\n<a href=\"https:\/\/dailydose.cafeblog.hu\/files\/2013\/09\/vanessa-axente-by-luigi-daniele-iango-for-vogue-germany-october-2013-9.jpg\"><img class=\"alignnone size-full wp-image-24\" alt=\"vanessa-axente-by-luigi-daniele-iango-for-vogue-germany-october-2013-9\" src=\"https:\/\/dailydose.cafeblog.hu\/files\/2013\/09\/vanessa-axente-by-luigi-daniele-iango-for-vogue-germany-october-2013-9.jpg\" width=\"707\" height=\"929\" \/><\/a>\r\n\r\n&nbsp;\r\n\r\n<a href=\"https:\/\/dailydose.cafeblog.hu\/files\/2013\/09\/vanessa-axente-by-luigi-daniele-iango-for-vogue-germany-october-2013-4.jpg\"><img class=\"alignnone size-full wp-image-19\" alt=\"vanessa-axente-by-luigi-daniele-iango-for-vogue-germany-october-2013-4\" src=\"https:\/\/dailydose.cafeblog.hu\/files\/2013\/09\/vanessa-axente-by-luigi-daniele-iango-for-vogue-germany-october-2013-4.jpg\" width=\"706\" height=\"927\" \/><\/a>\r\n\r\n&nbsp;\r\n\r\n<a href=\"https:\/\/dailydose.cafeblog.hu\/files\/2013\/09\/vanessa-axente-by-luigi-daniele-iango-for-vogue-germany-october-2013-7.jpg\"><img class=\"alignnone size-full wp-image-22\" alt=\"vanessa-axente-by-luigi-daniele-iango-for-vogue-germany-october-2013-7\" src=\"https:\/\/dailydose.cafeblog.hu\/files\/2013\/09\/vanessa-axente-by-luigi-daniele-iango-for-vogue-germany-october-2013-7.jpg\" width=\"709\" height=\"929\" \/><\/a>\r\n\r\n&nbsp;\r\n\r\n<a href=\"https:\/\/dailydose.cafeblog.hu\/files\/2013\/09\/vanessa-axente-by-luigi-daniele-iango-for-vogue-germany-october-2013-10.jpg\"><img class=\"alignnone size-full wp-image-15\" alt=\"vanessa-axente-by-luigi-daniele-iango-for-vogue-germany-october-2013-10\" src=\"https:\/\/dailydose.cafeblog.hu\/files\/2013\/09\/vanessa-axente-by-luigi-daniele-iango-for-vogue-germany-october-2013-10.jpg\" width=\"800\" height=\"520\" \/><\/a>\r\n\r\nvia <a href=\"http:\/\/thecitizensoffashion.com\/\" target=\"_blank\">The CoF<\/a>","type":"rich"}