{"version":"1.0","provider_name":"Daily Dose","provider_url":"https:\/\/dailydose.cafeblog.hu","author_name":"daily dose","author_url":"https:\/\/dailydose.cafeblog.hu\/author\/daily_dose\/","title":"Elvar\u00e1zsolt kast\u00e9ly","html":"<a href=\"https:\/\/dailydose.cafeblog.hu\/files\/2013\/10\/Nadja-Bender-for-Dior-Magazine-Fall-2013-Camilla-Akrans-10-650x903.jpg\"><img src=\"https:\/\/dailydose.cafeblog.hu\/files\/2013\/10\/Nadja-Bender-for-Dior-Magazine-Fall-2013-Camilla-Akrans-10-650x903.jpg\" alt=\"Nadja-Bender-for-Dior-Magazine-Fall-2013-Camilla-Akrans-10-650x903\" width=\"650\" height=\"903\" class=\"alignnone size-full wp-image-439\" \/><\/a>\r\n\r\nAndy Warhol ihlette ezt a szokatlan k\u00e9psorozatot, ami a Dior hivatalos \u0151szi magazinj\u00e1ban jelent meg. \u00a0A stylist Sissy Vian egy kreat\u00edv, pop art-os vil\u00e1ga helyezte a sz\u00e1nd\u00e9kosan Twiggy-szer\u0171re maszk\u00edrozott, pixie frizur\u00e1t visel\u0151 Nadja Bendert. Term\u00e9szetesen az \u00f6sszes ruha \u00e9s kieg\u00e9sz\u00edt\u0151 Dior, a fekete-feh\u00e9r j\u00e1r\u00f3lapokkal burkolt helysz\u00ednen pedig Camilla Akrans fot\u00f3zott.\u00a0<!--more-->\r\n\r\n<a href=\"https:\/\/dailydose.cafeblog.hu\/files\/2013\/10\/Nadja-Bender-for-Dior-Magazine-Fall-2013-Camilla-Akrans-1-650x767.jpg\"><img class=\"alignnone size-full wp-image-429\" alt=\"Nadja-Bender-for-Dior-Magazine-Fall-2013-Camilla-Akrans-1-650x767\" src=\"https:\/\/dailydose.cafeblog.hu\/files\/2013\/10\/Nadja-Bender-for-Dior-Magazine-Fall-2013-Camilla-Akrans-1-650x767.jpg\" width=\"650\" height=\"767\" \/><\/a>\r\n\r\n<a href=\"https:\/\/dailydose.cafeblog.hu\/files\/2013\/10\/Nadja-Bender-for-Dior-Magazine-Fall-2013-Camilla-Akrans-2-650x457.jpg\"><img class=\"alignnone size-full wp-image-430\" alt=\"Nadja-Bender-for-Dior-Magazine-Fall-2013-Camilla-Akrans-2-650x457\" src=\"https:\/\/dailydose.cafeblog.hu\/files\/2013\/10\/Nadja-Bender-for-Dior-Magazine-Fall-2013-Camilla-Akrans-2-650x457.jpg\" width=\"650\" height=\"457\" \/><\/a>\r\n\r\n<a href=\"https:\/\/dailydose.cafeblog.hu\/files\/2013\/10\/Nadja-Bender-for-Dior-Magazine-Fall-2013-Camilla-Akrans-3-650x777.jpg\"><img class=\"alignnone size-full wp-image-431\" alt=\"Nadja-Bender-for-Dior-Magazine-Fall-2013-Camilla-Akrans-3-650x777\" src=\"https:\/\/dailydose.cafeblog.hu\/files\/2013\/10\/Nadja-Bender-for-Dior-Magazine-Fall-2013-Camilla-Akrans-3-650x777.jpg\" width=\"650\" height=\"777\" \/><\/a>\r\n\r\n<a href=\"https:\/\/dailydose.cafeblog.hu\/files\/2013\/10\/Nadja-Bender-for-Dior-Magazine-Fall-2013-Camilla-Akrans-4-650x975.jpg\"><img class=\"alignnone size-full wp-image-432\" alt=\"Nadja-Bender-for-Dior-Magazine-Fall-2013-Camilla-Akrans-4-650x975\" src=\"https:\/\/dailydose.cafeblog.hu\/files\/2013\/10\/Nadja-Bender-for-Dior-Magazine-Fall-2013-Camilla-Akrans-4-650x975.jpg\" width=\"650\" height=\"975\" \/><\/a>\r\n\r\n<a href=\"https:\/\/dailydose.cafeblog.hu\/files\/2013\/10\/Nadja-Bender-for-Dior-Magazine-Fall-2013-Camilla-Akrans-5-650x975.jpg\"><img class=\"alignnone size-full wp-image-433\" alt=\"Nadja-Bender-for-Dior-Magazine-Fall-2013-Camilla-Akrans-5-650x975\" src=\"https:\/\/dailydose.cafeblog.hu\/files\/2013\/10\/Nadja-Bender-for-Dior-Magazine-Fall-2013-Camilla-Akrans-5-650x975.jpg\" width=\"650\" height=\"975\" \/><\/a>\r\n\r\n<a href=\"https:\/\/dailydose.cafeblog.hu\/files\/2013\/10\/Nadja-Bender-for-Dior-Magazine-Fall-2013-Camilla-Akrans-6-650x859.jpg\"><img class=\"alignnone size-full wp-image-435\" alt=\"Nadja-Bender-for-Dior-Magazine-Fall-2013-Camilla-Akrans-6-650x859\" src=\"https:\/\/dailydose.cafeblog.hu\/files\/2013\/10\/Nadja-Bender-for-Dior-Magazine-Fall-2013-Camilla-Akrans-6-650x859.jpg\" width=\"650\" height=\"859\" \/><\/a>\r\n\r\n<a href=\"https:\/\/dailydose.cafeblog.hu\/files\/2013\/10\/Nadja-Bender-for-Dior-Magazine-Fall-2013-Camilla-Akrans-7-650x433.jpg\"><img class=\"alignnone size-full wp-image-436\" alt=\"Nadja-Bender-for-Dior-Magazine-Fall-2013-Camilla-Akrans-7-650x433\" src=\"https:\/\/dailydose.cafeblog.hu\/files\/2013\/10\/Nadja-Bender-for-Dior-Magazine-Fall-2013-Camilla-Akrans-7-650x433.jpg\" width=\"650\" height=\"433\" \/><\/a>\r\n\r\n<a href=\"https:\/\/dailydose.cafeblog.hu\/files\/2013\/10\/Nadja-Bender-for-Dior-Magazine-Fall-2013-Camilla-Akrans-8-650x843.jpg\"><img class=\"alignnone size-full wp-image-437\" alt=\"Nadja-Bender-for-Dior-Magazine-Fall-2013-Camilla-Akrans-8-650x843\" src=\"https:\/\/dailydose.cafeblog.hu\/files\/2013\/10\/Nadja-Bender-for-Dior-Magazine-Fall-2013-Camilla-Akrans-8-650x843.jpg\" width=\"650\" height=\"843\" \/><\/a>\r\n\r\n<a href=\"https:\/\/dailydose.cafeblog.hu\/files\/2013\/10\/Nadja-Bender-for-Dior-Magazine-Fall-2013-Camilla-Akrans-9-650x977.jpg\"><img class=\"alignnone size-full wp-image-438\" alt=\"Nadja-Bender-for-Dior-Magazine-Fall-2013-Camilla-Akrans-9-650x977\" src=\"https:\/\/dailydose.cafeblog.hu\/files\/2013\/10\/Nadja-Bender-for-Dior-Magazine-Fall-2013-Camilla-Akrans-9-650x977.jpg\" width=\"650\" height=\"977\" \/><\/a>\r\n\r\nvia <a href=\"http:\/\/www.fashionselected.com\/\" target=\"_blank\">Fashion Selected<\/a>","type":"rich"}